{"id":20,"date":"2017-07-08T00:04:01","date_gmt":"2017-07-07T22:04:01","guid":{"rendered":"http:\/\/www.lalambic-margon.fr\/?page_id=20"},"modified":"2024-09-25T16:37:42","modified_gmt":"2024-09-25T14:37:42","slug":"contact","status":"publish","type":"page","link":"https:\/\/www.lalambic-margon.fr\/index.php\/contact\/","title":{"rendered":"Contact &#038; Acc\u00e8s"},"content":{"rendered":"<hr \/>\n<p><img decoding=\"async\" loading=\"lazy\" class=\"wp-image-83 alignleft\" src=\"http:\/\/www.lalambic-margon.fr\/wp-content\/uploads\/2017\/07\/carte-1-300x209.jpg\" alt=\"\" width=\"543\" height=\"378\" srcset=\"https:\/\/www.lalambic-margon.fr\/wp-content\/uploads\/2017\/07\/carte-1-300x209.jpg 300w, https:\/\/www.lalambic-margon.fr\/wp-content\/uploads\/2017\/07\/carte-1-768x535.jpg 768w, https:\/\/www.lalambic-margon.fr\/wp-content\/uploads\/2017\/07\/carte-1.jpg 855w\" sizes=\"(max-width: 543px) 100vw, 543px\" \/><\/p>\n<h2>Contact &amp; Acc\u00e8s<\/h2>\n<p style=\"text-align: left;\"><strong>Restaurant L&rsquo;Alambic<\/strong><\/p>\n<p style=\"text-align: left;\"><strong>20 avenue de Paris MARGON<\/strong><\/p>\n<p style=\"text-align: left;\"><strong>28400 Arcisses<\/strong><\/p>\n<p><span style=\"color: #003366;\"><strong>lalambicdemargon@gmail.com<\/strong><\/span><\/p>\n<p style=\"text-align: left;\"><strong>[ Situ\u00e9 en face du centre Leclerc ]<\/strong><\/p>\n<p>R\u00e9servation au<\/p>\n<h3 style=\"text-align: left;\"><strong>\u00a0 \u00a0 \u00a0 \u00a0 \u00a0 \u00a0 \u00a0 \u00a0 \u00a0 \u00a0 \u00a0 \u00a0 \u00a0 \u00a0 \u00a0 \u00a0 \u00a0 \u00a0 \u00a0 \u00a0 \u00a0 \u00a0 \u00a0 \u00a0 \u00a0 \u00a0 \u00a0 \u00a0 \u00a0 \u00a0 \u00a0 \u00a0 \u00a0 \u00a0 \u00a0 \u00a0 \u00a0 \u00a0 \u00a0 \u00a0 \u00a0 \u00a0 \u00a0 \u00a0 \u00a0 \u00a0 \u00a0 \u00a0 \u00a0 \u00a0 \u00a0 \u00a0 \u00a0 \u00a0 \u00a0 \u00a0 \u00a0 \u00a0 \u00a0 \u00a0 \u00a0 \u00a0 \u00a0 \u00a0 \u00a0 \u00a0 \u00a0 \u00a0 \u00a0 \u00a0 T\u00e9l. : 02 37 52 19 03<\/strong><\/h3>\n<hr \/>\n<p style=\"text-align: center;\"><img decoding=\"async\" loading=\"lazy\" class=\"alignright wp-image-165 size-medium\" src=\"http:\/\/www.lalambic-margon.fr\/wp-content\/uploads\/2019\/10\/IMG_4859-3-300x165.jpg\" alt=\"\" width=\"300\" height=\"165\" srcset=\"https:\/\/www.lalambic-margon.fr\/wp-content\/uploads\/2019\/10\/IMG_4859-3-300x165.jpg 300w, https:\/\/www.lalambic-margon.fr\/wp-content\/uploads\/2019\/10\/IMG_4859-3-768x424.jpg 768w, https:\/\/www.lalambic-margon.fr\/wp-content\/uploads\/2019\/10\/IMG_4859-3-1024x565.jpg 1024w\" sizes=\"(max-width: 300px) 100vw, 300px\" \/><\/p>\n","protected":false},"excerpt":{"rendered":"<p>Contact &amp; Acc\u00e8s Restaurant L&rsquo;Alambic 20 avenue de Paris MARGON 28400 Arcisses lalambicdemargon@gmail.com [ Situ\u00e9 en face du centre Leclerc ] R\u00e9servation au \u00a0 \u00a0 \u00a0 \u00a0 \u00a0 \u00a0 \u00a0 \u00a0 \u00a0 \u00a0 \u00a0 \u00a0 \u00a0 \u00a0 \u00a0 \u00a0 \u00a0 \u00a0 \u00a0 \u00a0 \u00a0 \u00a0 \u00a0 \u00a0 \u00a0 \u00a0 \u00a0 \u00a0 \u00a0 \u00a0 \u00a0 \u00a0 <a href=\"https:\/\/www.lalambic-margon.fr\/index.php\/contact\/\" class=\"more-link\">[&hellip;]<\/a><\/p>\n","protected":false},"author":1,"featured_media":0,"parent":0,"menu_order":0,"comment_status":"closed","ping_status":"closed","template":"","meta":{"footnotes":""},"_links":{"self":[{"href":"https:\/\/www.lalambic-margon.fr\/index.php\/wp-json\/wp\/v2\/pages\/20"}],"collection":[{"href":"https:\/\/www.lalambic-margon.fr\/index.php\/wp-json\/wp\/v2\/pages"}],"about":[{"href":"https:\/\/www.lalambic-margon.fr\/index.php\/wp-json\/wp\/v2\/types\/page"}],"author":[{"embeddable":true,"href":"https:\/\/www.lalambic-margon.fr\/index.php\/wp-json\/wp\/v2\/users\/1"}],"replies":[{"embeddable":true,"href":"https:\/\/www.lalambic-margon.fr\/index.php\/wp-json\/wp\/v2\/comments?post=20"}],"version-history":[{"count":29,"href":"https:\/\/www.lalambic-margon.fr\/index.php\/wp-json\/wp\/v2\/pages\/20\/revisions"}],"predecessor-version":[{"id":448,"href":"https:\/\/www.lalambic-margon.fr\/index.php\/wp-json\/wp\/v2\/pages\/20\/revisions\/448"}],"wp:attachment":[{"href":"https:\/\/www.lalambic-margon.fr\/index.php\/wp-json\/wp\/v2\/media?parent=20"}],"curies":[{"name":"wp","href":"https:\/\/api.w.org\/{rel}","templated":true}]}}